{"id":3009,"date":"2019-05-31T08:52:31","date_gmt":"2019-05-31T07:52:31","guid":{"rendered":"http:\/\/vg-damgan.fr\/site\/wp-content\/uploads\/2019\/05\/le-reder-mor-6-damgan-\u00e0-la-semaine-du-golfe-du-morbihan-2019-2.jpg"},"modified":"2019-05-31T08:52:31","modified_gmt":"2019-05-31T07:52:31","slug":"le-reder-mor-6-damgan-a-la-semaine-du-golfe-du-morbihan-2019-2","status":"inherit","type":"attachment","link":"https:\/\/vg-damgan.fr\/site\/2019\/05\/le-reder-mor-6-a-la-semaine-du-golfe-2019\/le-reder-mor-6-damgan-a-la-semaine-du-golfe-du-morbihan-2019-2\/","title":{"rendered":"le reder mor 6 damgan \u00e0 la semaine du golfe du morbihan 2019 (2)"},"author":4,"featured_media":0,"comment_status":"open","ping_status":"closed","template":"","meta":{"_monsterinsights_skip_tracking":false,"_monsterinsights_sitenote_active":false,"_monsterinsights_sitenote_note":"","_monsterinsights_sitenote_category":0,"jetpack_post_was_ever_published":false},"class_list":["post-3009","attachment","type-attachment","status-inherit","hentry","odd"],"yoast_head":"<!-- This site is optimized with the Yoast SEO plugin v27.4 - https:\/\/yoast.com\/product\/yoast-seo-wordpress\/ -->\n<title>le reder mor 6 damgan \u00e0 la semaine du golfe du morbihan 2019 (2) - Un vieux gr\u00e9ement pour Damgan<\/title>\n<meta name=\"robots\" content=\"index, follow, max-snippet:-1, max-image-preview:large, max-video-preview:-1\" \/>\n<link rel=\"canonical\" href=\"https:\/\/vg-damgan.fr\/site\/wp-content\/uploads\/2019\/05\/le-reder-mor-6-damgan-\u00e0-la-semaine-du-golfe-du-morbihan-2019-2.jpg\" \/>\n<meta property=\"og:locale\" content=\"fr_FR\" \/>\n<meta property=\"og:type\" content=\"article\" \/>\n<meta property=\"og:title\" content=\"le reder mor 6 damgan \u00e0 la semaine du golfe du morbihan 2019 (2) - Un vieux gr\u00e9ement pour Damgan\" \/>\n<meta property=\"og:url\" content=\"https:\/\/vg-damgan.fr\/site\/wp-content\/uploads\/2019\/05\/le-reder-mor-6-damgan-\u00e0-la-semaine-du-golfe-du-morbihan-2019-2.jpg\" \/>\n<meta property=\"og:site_name\" content=\"Un vieux gr\u00e9ement pour Damgan\" \/>\n<meta property=\"article:publisher\" content=\"https:\/\/www.facebook.com\/VGDamgan\" \/>\n<meta property=\"og:image\" content=\"https:\/\/i0.wp.com\/vg-damgan.fr\/site\/wp-content\/uploads\/2019\/05\/le-reder-mor-6-damgan-\u00e0-la-semaine-du-golfe-du-morbihan-2019-2.jpg?fit=1204%2C1605&ssl=1\" \/>\n\t<meta property=\"og:image:width\" content=\"1204\" \/>\n\t<meta property=\"og:image:height\" content=\"1605\" \/>\n\t<meta property=\"og:image:type\" content=\"image\/jpeg\" \/>\n<meta name=\"twitter:card\" content=\"summary_large_image\" \/>\n<script type=\"application\/ld+json\" class=\"yoast-schema-graph\">{\"@context\":\"https:\\\/\\\/schema.org\",\"@graph\":[{\"@type\":\"WebPage\",\"@id\":\"https:\\\/\\\/vg-damgan.fr\\\/site\\\/wp-content\\\/uploads\\\/2019\\\/05\\\/le-reder-mor-6-damgan-\u00e0-la-semaine-du-golfe-du-morbihan-2019-2.jpg\",\"url\":\"https:\\\/\\\/vg-damgan.fr\\\/site\\\/wp-content\\\/uploads\\\/2019\\\/05\\\/le-reder-mor-6-damgan-\u00e0-la-semaine-du-golfe-du-morbihan-2019-2.jpg\",\"name\":\"le reder mor 6 damgan \u00e0 la semaine du golfe du morbihan 2019 (2) - Un vieux gr\u00e9ement pour Damgan\",\"isPartOf\":{\"@id\":\"https:\\\/\\\/vg-damgan.fr\\\/site\\\/#website\"},\"datePublished\":\"2019-05-31T07:52:31+00:00\",\"breadcrumb\":{\"@id\":\"https:\\\/\\\/vg-damgan.fr\\\/site\\\/wp-content\\\/uploads\\\/2019\\\/05\\\/le-reder-mor-6-damgan-\u00e0-la-semaine-du-golfe-du-morbihan-2019-2.jpg#breadcrumb\"},\"inLanguage\":\"fr-FR\",\"potentialAction\":[{\"@type\":\"ReadAction\",\"target\":[\"https:\\\/\\\/vg-damgan.fr\\\/site\\\/wp-content\\\/uploads\\\/2019\\\/05\\\/le-reder-mor-6-damgan-\u00e0-la-semaine-du-golfe-du-morbihan-2019-2.jpg\"]}]},{\"@type\":\"BreadcrumbList\",\"@id\":\"https:\\\/\\\/vg-damgan.fr\\\/site\\\/wp-content\\\/uploads\\\/2019\\\/05\\\/le-reder-mor-6-damgan-\u00e0-la-semaine-du-golfe-du-morbihan-2019-2.jpg#breadcrumb\",\"itemListElement\":[{\"@type\":\"ListItem\",\"position\":1,\"name\":\"Accueil\",\"item\":\"https:\\\/\\\/vg-damgan.fr\\\/site\\\/\"},{\"@type\":\"ListItem\",\"position\":2,\"name\":\"Le Reder Mor 6 \u00e0 la semaine du Golfe 2019\",\"item\":\"https:\\\/\\\/vg-damgan.fr\\\/site\\\/2019\\\/05\\\/le-reder-mor-6-a-la-semaine-du-golfe-2019\\\/\"},{\"@type\":\"ListItem\",\"position\":3,\"name\":\"le reder mor 6 damgan \u00e0 la semaine du golfe du morbihan 2019 (2)\"}]},{\"@type\":\"WebSite\",\"@id\":\"https:\\\/\\\/vg-damgan.fr\\\/site\\\/#website\",\"url\":\"https:\\\/\\\/vg-damgan.fr\\\/site\\\/\",\"name\":\"Un vieux gr\u00e9ement pour Damgan\",\"description\":\"Association damganaise pour la restauration de bateaux d\u2019int\u00e9r\u00eat patrimonial\",\"publisher\":{\"@id\":\"https:\\\/\\\/vg-damgan.fr\\\/site\\\/#organization\"},\"potentialAction\":[{\"@type\":\"SearchAction\",\"target\":{\"@type\":\"EntryPoint\",\"urlTemplate\":\"https:\\\/\\\/vg-damgan.fr\\\/site\\\/?s={search_term_string}\"},\"query-input\":{\"@type\":\"PropertyValueSpecification\",\"valueRequired\":true,\"valueName\":\"search_term_string\"}}],\"inLanguage\":\"fr-FR\"},{\"@type\":\"Organization\",\"@id\":\"https:\\\/\\\/vg-damgan.fr\\\/site\\\/#organization\",\"name\":\"Un vieux gr\u00e9ement pour Damgan\",\"url\":\"https:\\\/\\\/vg-damgan.fr\\\/site\\\/\",\"logo\":{\"@type\":\"ImageObject\",\"inLanguage\":\"fr-FR\",\"@id\":\"https:\\\/\\\/vg-damgan.fr\\\/site\\\/#\\\/schema\\\/logo\\\/image\\\/\",\"url\":\"https:\\\/\\\/i0.wp.com\\\/vg-damgan.fr\\\/site\\\/wp-content\\\/uploads\\\/2022\\\/12\\\/RederMor-Logo-photo.jpg?fit=2100%2C1680&ssl=1\",\"contentUrl\":\"https:\\\/\\\/i0.wp.com\\\/vg-damgan.fr\\\/site\\\/wp-content\\\/uploads\\\/2022\\\/12\\\/RederMor-Logo-photo.jpg?fit=2100%2C1680&ssl=1\",\"width\":2100,\"height\":1680,\"caption\":\"Un vieux gr\u00e9ement pour Damgan\"},\"image\":{\"@id\":\"https:\\\/\\\/vg-damgan.fr\\\/site\\\/#\\\/schema\\\/logo\\\/image\\\/\"},\"sameAs\":[\"https:\\\/\\\/www.facebook.com\\\/VGDamgan\"]}]}<\/script>\n<!-- \/ Yoast SEO plugin. -->","yoast_head_json":{"title":"le reder mor 6 damgan \u00e0 la semaine du golfe du morbihan 2019 (2) - Un vieux gr\u00e9ement pour Damgan","robots":{"index":"index","follow":"follow","max-snippet":"max-snippet:-1","max-image-preview":"max-image-preview:large","max-video-preview":"max-video-preview:-1"},"canonical":"https:\/\/vg-damgan.fr\/site\/wp-content\/uploads\/2019\/05\/le-reder-mor-6-damgan-\u00e0-la-semaine-du-golfe-du-morbihan-2019-2.jpg","og_locale":"fr_FR","og_type":"article","og_title":"le reder mor 6 damgan \u00e0 la semaine du golfe du morbihan 2019 (2) - Un vieux gr\u00e9ement pour Damgan","og_url":"https:\/\/vg-damgan.fr\/site\/wp-content\/uploads\/2019\/05\/le-reder-mor-6-damgan-\u00e0-la-semaine-du-golfe-du-morbihan-2019-2.jpg","og_site_name":"Un vieux gr\u00e9ement pour Damgan","article_publisher":"https:\/\/www.facebook.com\/VGDamgan","og_image":[{"width":1204,"height":1605,"url":"https:\/\/i0.wp.com\/vg-damgan.fr\/site\/wp-content\/uploads\/2019\/05\/le-reder-mor-6-damgan-\u00e0-la-semaine-du-golfe-du-morbihan-2019-2.jpg?fit=1204%2C1605&ssl=1","type":"image\/jpeg"}],"twitter_card":"summary_large_image","schema":{"@context":"https:\/\/schema.org","@graph":[{"@type":"WebPage","@id":"https:\/\/vg-damgan.fr\/site\/wp-content\/uploads\/2019\/05\/le-reder-mor-6-damgan-\u00e0-la-semaine-du-golfe-du-morbihan-2019-2.jpg","url":"https:\/\/vg-damgan.fr\/site\/wp-content\/uploads\/2019\/05\/le-reder-mor-6-damgan-\u00e0-la-semaine-du-golfe-du-morbihan-2019-2.jpg","name":"le reder mor 6 damgan \u00e0 la semaine du golfe du morbihan 2019 (2) - Un vieux gr\u00e9ement pour Damgan","isPartOf":{"@id":"https:\/\/vg-damgan.fr\/site\/#website"},"datePublished":"2019-05-31T07:52:31+00:00","breadcrumb":{"@id":"https:\/\/vg-damgan.fr\/site\/wp-content\/uploads\/2019\/05\/le-reder-mor-6-damgan-\u00e0-la-semaine-du-golfe-du-morbihan-2019-2.jpg#breadcrumb"},"inLanguage":"fr-FR","potentialAction":[{"@type":"ReadAction","target":["https:\/\/vg-damgan.fr\/site\/wp-content\/uploads\/2019\/05\/le-reder-mor-6-damgan-\u00e0-la-semaine-du-golfe-du-morbihan-2019-2.jpg"]}]},{"@type":"BreadcrumbList","@id":"https:\/\/vg-damgan.fr\/site\/wp-content\/uploads\/2019\/05\/le-reder-mor-6-damgan-\u00e0-la-semaine-du-golfe-du-morbihan-2019-2.jpg#breadcrumb","itemListElement":[{"@type":"ListItem","position":1,"name":"Accueil","item":"https:\/\/vg-damgan.fr\/site\/"},{"@type":"ListItem","position":2,"name":"Le Reder Mor 6 \u00e0 la semaine du Golfe 2019","item":"https:\/\/vg-damgan.fr\/site\/2019\/05\/le-reder-mor-6-a-la-semaine-du-golfe-2019\/"},{"@type":"ListItem","position":3,"name":"le reder mor 6 damgan \u00e0 la semaine du golfe du morbihan 2019 (2)"}]},{"@type":"WebSite","@id":"https:\/\/vg-damgan.fr\/site\/#website","url":"https:\/\/vg-damgan.fr\/site\/","name":"Un vieux gr\u00e9ement pour Damgan","description":"Association damganaise pour la restauration de bateaux d\u2019int\u00e9r\u00eat patrimonial","publisher":{"@id":"https:\/\/vg-damgan.fr\/site\/#organization"},"potentialAction":[{"@type":"SearchAction","target":{"@type":"EntryPoint","urlTemplate":"https:\/\/vg-damgan.fr\/site\/?s={search_term_string}"},"query-input":{"@type":"PropertyValueSpecification","valueRequired":true,"valueName":"search_term_string"}}],"inLanguage":"fr-FR"},{"@type":"Organization","@id":"https:\/\/vg-damgan.fr\/site\/#organization","name":"Un vieux gr\u00e9ement pour Damgan","url":"https:\/\/vg-damgan.fr\/site\/","logo":{"@type":"ImageObject","inLanguage":"fr-FR","@id":"https:\/\/vg-damgan.fr\/site\/#\/schema\/logo\/image\/","url":"https:\/\/i0.wp.com\/vg-damgan.fr\/site\/wp-content\/uploads\/2022\/12\/RederMor-Logo-photo.jpg?fit=2100%2C1680&ssl=1","contentUrl":"https:\/\/i0.wp.com\/vg-damgan.fr\/site\/wp-content\/uploads\/2022\/12\/RederMor-Logo-photo.jpg?fit=2100%2C1680&ssl=1","width":2100,"height":1680,"caption":"Un vieux gr\u00e9ement pour Damgan"},"image":{"@id":"https:\/\/vg-damgan.fr\/site\/#\/schema\/logo\/image\/"},"sameAs":["https:\/\/www.facebook.com\/VGDamgan"]}]}},"jetpack_sharing_enabled":true,"jetpack_shortlink":"https:\/\/wp.me\/a7bygr-Mx","description":{"rendered":"<p class=\"attachment\"><a href=\"https:\/\/i0.wp.com\/vg-damgan.fr\/site\/wp-content\/uploads\/2019\/05\/le-reder-mor-6-damgan-%C3%A0-la-semaine-du-golfe-du-morbihan-2019-2.jpg?ssl=1\"><img loading=\"lazy\" decoding=\"async\" width=\"225\" height=\"300\" src=\"https:\/\/i0.wp.com\/vg-damgan.fr\/site\/wp-content\/uploads\/2019\/05\/le-reder-mor-6-damgan-%C3%A0-la-semaine-du-golfe-du-morbihan-2019-2.jpg?fit=225%2C300&amp;ssl=1\" class=\"attachment-medium size-medium\" alt=\"\" data-attachment-id=\"3009\" data-permalink=\"https:\/\/vg-damgan.fr\/site\/2019\/05\/le-reder-mor-6-a-la-semaine-du-golfe-2019\/le-reder-mor-6-damgan-a-la-semaine-du-golfe-du-morbihan-2019-2\/\" data-orig-file=\"https:\/\/i0.wp.com\/vg-damgan.fr\/site\/wp-content\/uploads\/2019\/05\/le-reder-mor-6-damgan-%C3%A0-la-semaine-du-golfe-du-morbihan-2019-2.jpg?fit=1204%2C1605&amp;ssl=1\" data-orig-size=\"1204,1605\" data-comments-opened=\"1\" data-image-meta=\"{&quot;aperture&quot;:&quot;4.5&quot;,&quot;credit&quot;:&quot;hubert carlier&quot;,&quot;camera&quot;:&quot;DSC-RX10M3&quot;,&quot;caption&quot;:&quot;&quot;,&quot;created_timestamp&quot;:&quot;1559222519&quot;,&quot;copyright&quot;:&quot;&quot;,&quot;focal_length&quot;:&quot;128.59&quot;,&quot;iso&quot;:&quot;100&quot;,&quot;shutter_speed&quot;:&quot;0.001&quot;,&quot;title&quot;:&quot;&quot;,&quot;orientation&quot;:&quot;1&quot;}\" data-image-title=\"le reder mor 6 damgan \u00e0 la semaine du golfe du morbihan 2019 (2)\" data-image-description=\"\" data-image-caption=\"\" data-large-file=\"https:\/\/i0.wp.com\/vg-damgan.fr\/site\/wp-content\/uploads\/2019\/05\/le-reder-mor-6-damgan-%C3%A0-la-semaine-du-golfe-du-morbihan-2019-2.jpg?fit=450%2C600&amp;ssl=1\" \/><\/a><\/p>\n"},"caption":{"rendered":"<div class=\"mh-excerpt\"><\/div>"},"alt_text":"","media_type":"image","mime_type":"image\/jpeg","media_details":{"width":1204,"height":1605,"file":"2019\/05\/le-reder-mor-6-damgan-\u00e0-la-semaine-du-golfe-du-morbihan-2019-2.jpg","sizes":{"thumbnail":{"file":"le-reder-mor-6-damgan-\u00e0-la-semaine-du-golfe-du-morbihan-2019-2-150x150.jpg","width":150,"height":150,"mime_type":"image\/jpeg","source_url":"https:\/\/i0.wp.com\/vg-damgan.fr\/site\/wp-content\/uploads\/2019\/05\/le-reder-mor-6-damgan-%C3%A0-la-semaine-du-golfe-du-morbihan-2019-2.jpg?resize=150%2C150&ssl=1"},"medium":{"file":"le-reder-mor-6-damgan-\u00e0-la-semaine-du-golfe-du-morbihan-2019-2-225x300.jpg","width":225,"height":300,"mime_type":"image\/jpeg","source_url":"https:\/\/i0.wp.com\/vg-damgan.fr\/site\/wp-content\/uploads\/2019\/05\/le-reder-mor-6-damgan-%C3%A0-la-semaine-du-golfe-du-morbihan-2019-2.jpg?fit=225%2C300&ssl=1"},"medium_large":{"file":"le-reder-mor-6-damgan-\u00e0-la-semaine-du-golfe-du-morbihan-2019-2-768x1024.jpg","width":768,"height":1024,"mime_type":"image\/jpeg","source_url":"https:\/\/i0.wp.com\/vg-damgan.fr\/site\/wp-content\/uploads\/2019\/05\/le-reder-mor-6-damgan-%C3%A0-la-semaine-du-golfe-du-morbihan-2019-2.jpg?fit=768%2C1024&ssl=1"},"large":{"file":"le-reder-mor-6-damgan-\u00e0-la-semaine-du-golfe-du-morbihan-2019-2-450x600.jpg","width":450,"height":600,"mime_type":"image\/jpeg","source_url":"https:\/\/i0.wp.com\/vg-damgan.fr\/site\/wp-content\/uploads\/2019\/05\/le-reder-mor-6-damgan-%C3%A0-la-semaine-du-golfe-du-morbihan-2019-2.jpg?fit=450%2C600&ssl=1"},"mh-magazine-lite-slider":{"file":"le-reder-mor-6-damgan-\u00e0-la-semaine-du-golfe-du-morbihan-2019-2-1030x438.jpg","width":1030,"height":438,"mime_type":"image\/jpeg","source_url":"https:\/\/i0.wp.com\/vg-damgan.fr\/site\/wp-content\/uploads\/2019\/05\/le-reder-mor-6-damgan-%C3%A0-la-semaine-du-golfe-du-morbihan-2019-2.jpg?resize=1030%2C438&ssl=1"},"mh-magazine-lite-content":{"file":"le-reder-mor-6-damgan-\u00e0-la-semaine-du-golfe-du-morbihan-2019-2-678x381.jpg","width":678,"height":381,"mime_type":"image\/jpeg","source_url":"https:\/\/i0.wp.com\/vg-damgan.fr\/site\/wp-content\/uploads\/2019\/05\/le-reder-mor-6-damgan-%C3%A0-la-semaine-du-golfe-du-morbihan-2019-2.jpg?resize=678%2C381&ssl=1"},"mh-magazine-lite-large":{"file":"le-reder-mor-6-damgan-\u00e0-la-semaine-du-golfe-du-morbihan-2019-2-678x509.jpg","width":678,"height":509,"mime_type":"image\/jpeg","source_url":"https:\/\/i0.wp.com\/vg-damgan.fr\/site\/wp-content\/uploads\/2019\/05\/le-reder-mor-6-damgan-%C3%A0-la-semaine-du-golfe-du-morbihan-2019-2.jpg?resize=678%2C509&ssl=1"},"mh-magazine-lite-medium":{"file":"le-reder-mor-6-damgan-\u00e0-la-semaine-du-golfe-du-morbihan-2019-2-326x245.jpg","width":326,"height":245,"mime_type":"image\/jpeg","source_url":"https:\/\/i0.wp.com\/vg-damgan.fr\/site\/wp-content\/uploads\/2019\/05\/le-reder-mor-6-damgan-%C3%A0-la-semaine-du-golfe-du-morbihan-2019-2.jpg?resize=326%2C245&ssl=1"},"mh-magazine-lite-small":{"file":"le-reder-mor-6-damgan-\u00e0-la-semaine-du-golfe-du-morbihan-2019-2-80x60.jpg","width":80,"height":60,"mime_type":"image\/jpeg","source_url":"https:\/\/i0.wp.com\/vg-damgan.fr\/site\/wp-content\/uploads\/2019\/05\/le-reder-mor-6-damgan-%C3%A0-la-semaine-du-golfe-du-morbihan-2019-2.jpg?resize=80%2C60&ssl=1"},"full":{"file":"le-reder-mor-6-damgan-%C3%A0-la-semaine-du-golfe-du-morbihan-2019-2.jpg?fit=1204%2C1605&ssl=1","width":1204,"height":1605,"mime_type":"image\/jpeg","source_url":"https:\/\/i0.wp.com\/vg-damgan.fr\/site\/wp-content\/uploads\/2019\/05\/le-reder-mor-6-damgan-%C3%A0-la-semaine-du-golfe-du-morbihan-2019-2.jpg?fit=1204%2C1605&ssl=1"}},"image_meta":{"aperture":"4.5","credit":"hubert carlier","camera":"DSC-RX10M3","caption":"","created_timestamp":"1559222519","copyright":"","focal_length":"128.59","iso":"100","shutter_speed":"0.001","title":"","orientation":"1","keywords":[]}},"post":2991,"source_url":"https:\/\/vg-damgan.fr\/site\/wp-content\/uploads\/2019\/05\/le-reder-mor-6-damgan-\u00e0-la-semaine-du-golfe-du-morbihan-2019-2.jpg","_links":{"self":[{"href":"https:\/\/vg-damgan.fr\/site\/wp-json\/wp\/v2\/media\/3009","targetHints":{"allow":["GET"]}}],"collection":[{"href":"https:\/\/vg-damgan.fr\/site\/wp-json\/wp\/v2\/media"}],"about":[{"href":"https:\/\/vg-damgan.fr\/site\/wp-json\/wp\/v2\/types\/attachment"}],"author":[{"embeddable":true,"href":"https:\/\/vg-damgan.fr\/site\/wp-json\/wp\/v2\/users\/4"}],"replies":[{"embeddable":true,"href":"https:\/\/vg-damgan.fr\/site\/wp-json\/wp\/v2\/comments?post=3009"}],"wp:attached-to":[{"embeddable":true,"post_type":"post","id":2991,"href":"https:\/\/vg-damgan.fr\/site\/wp-json\/wp\/v2\/posts\/2991"}],"curies":[{"name":"wp","href":"https:\/\/api.w.org\/{rel}","templated":true}]}}