{"id":14,"date":"2015-05-29T21:45:21","date_gmt":"2015-05-29T20:45:21","guid":{"rendered":"http:\/\/vg-damgan.fr\/site\/?page_id=14"},"modified":"2025-11-22T15:23:03","modified_gmt":"2025-11-22T14:23:03","slug":"histoire","status":"publish","type":"page","link":"https:\/\/vg-damgan.fr\/site\/histoire\/","title":{"rendered":"Qui sommes nous?"},"content":{"rendered":"<p><a href=\"https:\/\/i0.wp.com\/vg-damgan.fr\/site\/wp-content\/uploads\/2015\/05\/17549008041_ff9d3183c1_k.jpg\"><img data-recalc-dims=\"1\" loading=\"lazy\" decoding=\"async\" data-attachment-id=\"31\" data-permalink=\"https:\/\/vg-damgan.fr\/site\/histoire\/17549008041_ff9d3183c1_k\/\" data-orig-file=\"https:\/\/i0.wp.com\/vg-damgan.fr\/site\/wp-content\/uploads\/2015\/05\/17549008041_ff9d3183c1_k.jpg?fit=2048%2C1365&amp;ssl=1\" data-orig-size=\"2048,1365\" data-comments-opened=\"1\" data-image-meta=\"{&quot;aperture&quot;:&quot;0&quot;,&quot;credit&quot;:&quot;&quot;,&quot;camera&quot;:&quot;&quot;,&quot;caption&quot;:&quot;&quot;,&quot;created_timestamp&quot;:&quot;0&quot;,&quot;copyright&quot;:&quot;&quot;,&quot;focal_length&quot;:&quot;0&quot;,&quot;iso&quot;:&quot;0&quot;,&quot;shutter_speed&quot;:&quot;0&quot;,&quot;title&quot;:&quot;&quot;,&quot;orientation&quot;:&quot;0&quot;}\" data-image-title=\"17549008041_ff9d3183c1_k\" data-image-description=\"\" data-image-caption=\"\" data-large-file=\"https:\/\/i0.wp.com\/vg-damgan.fr\/site\/wp-content\/uploads\/2015\/05\/17549008041_ff9d3183c1_k.jpg?fit=800%2C534&amp;ssl=1\" class=\"alignnone size-full wp-image-31\" src=\"https:\/\/i0.wp.com\/vg-damgan.fr\/site\/wp-content\/uploads\/2015\/05\/17549008041_ff9d3183c1_k.jpg?resize=2048%2C1365\" alt=\"17549008041_ff9d3183c1_k\" width=\"2048\" height=\"1365\" srcset=\"https:\/\/i0.wp.com\/vg-damgan.fr\/site\/wp-content\/uploads\/2015\/05\/17549008041_ff9d3183c1_k.jpg?w=2048&amp;ssl=1 2048w, https:\/\/i0.wp.com\/vg-damgan.fr\/site\/wp-content\/uploads\/2015\/05\/17549008041_ff9d3183c1_k.jpg?resize=300%2C200&amp;ssl=1 300w, https:\/\/i0.wp.com\/vg-damgan.fr\/site\/wp-content\/uploads\/2015\/05\/17549008041_ff9d3183c1_k.jpg?resize=1024%2C683&amp;ssl=1 1024w, https:\/\/i0.wp.com\/vg-damgan.fr\/site\/wp-content\/uploads\/2015\/05\/17549008041_ff9d3183c1_k.jpg?resize=450%2C300&amp;ssl=1 450w\" sizes=\"auto, (max-width: 1000px) 100vw, 1000px\" \/><\/a><\/p>\n<h1 class=\"western\" lang=\"fr-FR\" style=\"text-align: justify;\">Qui sommes nous?<\/h1>\n<p style=\"text-align: justify;\">Cr\u00e9\u00e9e en 2015 (<a href=\"http:\/\/www.journal-officiel.gouv.fr\/publications\/assoc\/pdf\/2015\/0008\/JOAFE_PDF_Unitaire_20150008_00982.pdf\">publication au Journal Officiel<\/a>) , l\u2019association \u00ab Un vieux gr\u00e9ement pour Damgan \u00bb a pour but de restaurer un <a href=\"https:\/\/fr.wikipedia.org\/wiki\/Go%C3%A9monier\">go\u00e9monier <\/a>de 7m84 class\u00e9 \u00ab Bateau d\u2019int\u00e9r\u00eat patrimonial \u00bb. Le projet est de faire d\u00e9couvrir la <a href=\"https:\/\/fr.wikipedia.org\/wiki\/Rivi%C3%A8re_de_P%C3%A9nerf\">ria de P\u00e9nerf<\/a> et le faire participer aux \u00e9v\u00e8nements nautiques traditionnels de la r\u00e9gion.<\/p>\n<p style=\"text-align: justify;\">Provenant des chantiers Le GOT \u00e0 Plouguerneau dans le Finist\u00e8re, le REDER MOR VI a \u00e9t\u00e9 construit en 1962 en version plaisance . Ce bateau est du m\u00eame type que ceux cr\u00e9es \u00e0 partir de 1890 pour collecter le go\u00e9mon afin d\u2018en extraire l\u2019iode. Ces bateaux \u00e9taient avant tout des outils de travail.<\/p>\n<p style=\"text-align: justify;\">L\u2019association se donne environ 3 ans pour le restaurer \u00e0 <a href=\"https:\/\/fr.wikipedia.org\/wiki\/Damgan\">Damgan<\/a> en lui redonnant son aspect de go\u00e9monier d\u2019antan. Durant ces 3 ann\u00e9es nous voudrions f\u00e9d\u00e9rer autour de ce projet le maximum de personnels : population locale, jeune g\u00e9n\u00e9ration, personnes de talents ou voulant simplement soutenir l\u2019association. Chacun est libre d\u2019adh\u00e9rer \u00e0 l\u2019association (10\u20ac ou plus de cotisation) pour apporter sa contribution.<\/p>\n<p style=\"text-align: justify;\">A terme, ce type de bateau \u00e9tant bien adapt\u00e9 \u00e0 des sorties dans la rivi\u00e8re de P\u00e9nerf, sorties qui permettront, sur des eaux tranquilles, de d\u00e9couvrir les paysages et la faune qu\u2019elle rec\u00e8le jusqu\u2019\u00e0 Ambon.<\/p>\n<h2 style=\"text-align: justify;\">Objectifs<\/h2>\n<p style=\"text-align: justify;\">Restaurer le REDER MOR VI et le faire naviguer en s\u00e9curit\u00e9 pour des d\u00e9couvertes du milieu marin, de la navigation \u00e0 voile, et participer aux f\u00eates traditionnelles.<\/p>\n<p style=\"text-align: justify;\">Devenir sur le territoire d\u2019ASB un lieu de rencontre des adh\u00e9rents passionn\u00e9s par le bois et les bateaux ainsi que des associations int\u00e9ress\u00e9es par la ria de Penerf .<\/p>\n<p style=\"text-align: justify;\">Cr\u00e9er des liens avec des institutions scolaires qui souhaitent disposer d\u2019un support p\u00e9dagogique sur la construction des bateaux traditionnels puis ult\u00e9rieurement sur le syst\u00e8me \u00e9cologique de la ria de Penerf et du milieu c\u00f4tier.<\/p>\n<p style=\"text-align: justify;\">Instaurer un partenariat avec des institutions sp\u00e9cialis\u00e9es qui pourraient participer \u00e0 certaines phases du chantier.<\/p>\n<p style=\"text-align: justify;\">Devenir un lieu de transmission de savoir-faire li\u00e9 au bois, aux vieux bateaux et \u00e0 l\u2019environnement marin.<\/p>\n<h2 style=\"text-align: justify;\">L\u2019association \u00ab Vieux gr\u00e9ement pour Damgan \u00bb.<\/h2>\n<p style=\"text-align: justify;\">Le 24 janvier 2015, originaires de Damgan, d\u2019Ambon et de Muzillac, une dizaine de passionn\u00e9s de vieux bateaux, du travail du bois et de la conservation vivante du patrimoine se r\u00e9unissent autour du Reder Mor VI et d\u00e9cident de constituer une association pour sa restauration.<\/p>\n<p style=\"text-align: justify;\">D\u00e8s l\u2019origine, la commune de Damgan a manifest\u00e9 son int\u00e9r\u00eat pour ce projet. Le port de Penerf est un lieu favorable par son pass\u00e9 maritime important et par l\u2019int\u00e9r\u00eat environnemental de la rivi\u00e8re de Penerf. Toutefois l\u2019association est ouverte aux r\u00e9sidents de l\u2019ensemble de la communaut\u00e9 de commune et pr\u00e9voit des actions avec d\u2019autres associations du territoire d\u2019Arc Sud Bretagne comme des projets p\u00e9dagogiques, un partenariat avec une institution sp\u00e9cialis\u00e9e, et nous sommes \u00e9galement ouverts \u00e0 des projets innovants.<\/p>\n<p style=\"text-align: justify;\">En avril 2015, la venue de TARA est l\u2019occasion d\u2019une premi\u00e8re f\u00eate \u00ab Rivi\u00e8re en f\u00eate, voiles d\u2019hier et d\u2019aujourd\u2019hui \u00bb L\u2019association y tient un stand autour du bateau en y associant des jeux traditionnels en bois. Nous y avons constat\u00e9 l\u2019int\u00e9r\u00eat du public.<\/p>\n<p style=\"text-align: justify;\">En novembre 2015, soit dix mois apr\u00e8s sa cr\u00e9ation, l\u2019association compte plus de 100 adh\u00e9rents dont une trentaine qui participent r\u00e9guli\u00e8rement aux activit\u00e9s : premiers travaux de pr\u00e9paration sur le bateau, relev\u00e9s de plans, navigation lors de la semaine du golfe dans diff\u00e9rentes flottilles sur des bateaux associatifs ou appartenant \u00e0 des adh\u00e9rents.<\/p>\n<p style=\"text-align: justify;\">Les activit\u00e9s du premier trimestre 2015 sont centr\u00e9es sur la pr\u00e9paration du chantier : relev\u00e9 des plans, d\u00e9montage pour explorer l\u2019\u00e9tat des bord\u00e9s et des membrures. D\u2019autres projets sont en cours : matelotage, travail du bois, maquettes, demi-coques, recherches sur le pass\u00e9 maritime de la ria de Penerf\u2026 Notre projet global est de cr\u00e9er autour du Reder Mor VI un r\u00e9seau qui fasse vivre des techniques li\u00e9es au patrimoine au-del\u00e0 m\u00eame de la charpente navale.<\/p>\n<p style=\"text-align: justify;\">Notre association est en lien avec d\u2019autres qui contribuent \u00e0 la pr\u00e9servation du patrimoine et nous nous int\u00e9grerons dans le r\u00e9seau local existant sur la c\u00f4te sud du Morbihan.<\/p>\n<h2 style=\"text-align: justify;\">Restauration envisag\u00e9e<\/h2>\n<p style=\"text-align: justify;\">Les derniers propri\u00e9taires ont mis la structure \u00e0 nue.<\/p>\n<p style=\"text-align: justify;\">Les diff\u00e9rents chantiers consult\u00e9s constatent que le bateau est en fin de vie selon le type de construction d\u2019origine et qu\u2019il n\u00e9cessite une restauration tr\u00e8s importante. Selon ces professionnels, la majorit\u00e9 des membrures ont \u00e9t\u00e9 maintenues en \u00e9tat par des r\u00e9parations qui ont elles-m\u00eames fait leur temps et qui doivent maintenant \u00eatre chang\u00e9es. Les lames de bord\u00e9 sont \u00e0 changer dans leur majorit\u00e9.<\/p>\n<p style=\"text-align: justify;\">L\u2019\u00e9trave et le tableau arri\u00e8re sont \u00e9galement \u00e0 remplacer.<\/p>\n<p style=\"text-align: justify;\">Ensuite la confection du plancher, du banc de mat, du pontage avant et la pose du moteur sont des op\u00e9rations moins complexes pour lesquelles nous avons les comp\u00e9tences au sein de notre association.<\/p>\n<p style=\"text-align: justify;\">Apr\u00e8s plusieurs consultations avec diff\u00e9rents chantiers, nous avons pass\u00e9 un accord avec un charpentier de marine itin\u00e9rant : Monsieur Fran\u00e7ois BLATRIX qui viendra nous aider a restaurer le bateau \u00e0 Damgan.<\/p>\n<p style=\"text-align: justify;\">Vous pouvez consulter <a href=\"http:\/\/www.frabla.net\/\">son site internet<\/a><\/p>\n<h2 style=\"text-align: justify;\">Projet d\u2019utilisation<\/h2>\n<p style=\"text-align: justify;\">Penerf est le port de la commune de Damgan, le pass\u00e9 maritime gagnerait \u00e0 \u00eatre mis en valeur, et en quelques mois, nous constatons par le nombre de passages autour du bateau et le nombre d\u2019adh\u00e9sions des Damganais \u00e0 ce projet qui correspond \u00e0 une recherche d\u2019identit\u00e9 quelque peu estomp\u00e9e par l\u2019importance des bateaux de plaisance de construction r\u00e9cente.<\/p>\n<p style=\"text-align: justify;\">De par sa conception, ce bateau est destin\u00e9 aux navigations de proximit\u00e9. La rivi\u00e8re de Penerf pr\u00e9sente un int\u00e9r\u00eat \u00e9cologique qu\u2019il faut faire connaitre et pr\u00e9server. Ce bateau en sera un vecteur par des sorties courtes \u00e0 la fois touristiques et p\u00e9dagogiques.<\/p>\n<p style=\"text-align: justify;\">En Bretagne le travail traditionnel c\u00f4tier est certes diff\u00e9rent selon les r\u00e9gions, cela en fait une richesse que nous souhaitons faire partager.<br \/>\nIl existe en Morbihan de nombreuses f\u00eates traditionnelles de vieux gr\u00e9ements auxquelles nous participerons.<\/p>\n<p style=\"text-align: justify;\">Comme nous l\u2019avons d\u00e9j\u00e0 commenc\u00e9 le Reder Mor VI servira de support \u00e0 des sorties p\u00e9dagogiques scolaires. La culture et l\u2019histoire locale sont des th\u00e8mes qui peuvent \u00eatre utilis\u00e9es par des enseignants qui veulent sensibiliser les jeunes.<\/p>\n<p style=\"text-align: justify;\">Il existe sur le Morbihan plusieurs association dont les objectifs sont proches des n\u00f4tres, nous sommes depuis le d\u00e9but en lien avec ces associations et une coordination entre nous permettrait de proposer une capacit\u00e9 d\u2019embarquement compatible avec les contraintes des sorties scolaires que pourraient souhaiter organiser des enseignants.<\/p>\n<p style=\"text-align: justify;\">De plus, par sa taille et sa stabilit\u00e9, il pourra faire d\u00e9couvrir l\u2019environnent marin \u00e0 des adh\u00e9rents estivants. D\u00e8s \u00e0 pr\u00e9sent l\u2019animateur patrimoine de l\u2019office du tourisme, g\u00e9r\u00e9 par la communaut\u00e9 de commune, inclus le Reder Mor VI dans ses randos d\u00e9couvertes \u00e0 Penerf .<\/p>\n<p style=\"text-align: justify;\">Nous sommes \u00e9galement en lien avec une institution recevant des adolescents en difficult\u00e9, dans le cadre de leurs activit\u00e9s de d\u00e9couverte professionnelle ils pourront participer \u00e0 nos activit\u00e9s de restauration puis d\u2019entretien. Nous \u00e9tudierons lors de la conception du plan d\u2019am\u00e9nagement la possibilit\u00e9 d\u2019accueil de personnes en situation d\u2019handicap physique.<\/p>\n<p style=\"text-align: justify;\">La mise \u00e0 l\u2019eau est pr\u00e9vue pour le printemps 2018.<\/p>\n","protected":false},"excerpt":{"rendered":"<div class=\"mh-excerpt\"><p>Qui sommes nous? Cr\u00e9\u00e9e en 2015 (publication au Journal Officiel) , l\u2019association \u00ab Un vieux gr\u00e9ement pour Damgan \u00bb a pour but de restaurer un go\u00e9monier de <a class=\"mh-excerpt-more\" href=\"https:\/\/vg-damgan.fr\/site\/histoire\/\" title=\"Qui sommes nous?\">&#8230;[Lire la suite&#8230;]<\/a><\/p>\n<\/div>","protected":false},"author":1,"featured_media":0,"parent":0,"menu_order":0,"comment_status":"open","ping_status":"open","template":"","meta":{"_monsterinsights_skip_tracking":false,"_monsterinsights_sitenote_active":false,"_monsterinsights_sitenote_note":"","_monsterinsights_sitenote_category":0,"jetpack_post_was_ever_published":false,"footnotes":""},"class_list":["post-14","page","type-page","status-publish","hentry","odd"],"yoast_head":"<!-- This site is optimized with the Yoast SEO plugin v27.5 - https:\/\/yoast.com\/product\/yoast-seo-wordpress\/ -->\n<title>Qui sommes nous? - Un vieux gr\u00e9ement pour Damgan<\/title>\n<meta name=\"description\" content=\"Pr\u00e9sentation de l&#039;association &quot;un vieux gr\u00e9ements pour Damgan&quot; qui a pour but de restaurer et faire naviguer la Reder Mor 6\" \/>\n<meta name=\"robots\" content=\"index, follow, max-snippet:-1, max-image-preview:large, max-video-preview:-1\" \/>\n<link rel=\"canonical\" href=\"https:\/\/vg-damgan.fr\/site\/histoire\/\" \/>\n<meta property=\"og:locale\" content=\"fr_FR\" \/>\n<meta property=\"og:type\" content=\"article\" \/>\n<meta property=\"og:title\" content=\"Qui sommes nous? - Un vieux gr\u00e9ement pour Damgan\" \/>\n<meta property=\"og:description\" content=\"Pr\u00e9sentation de l&#039;association &quot;un vieux gr\u00e9ements pour Damgan&quot; qui a pour but de restaurer et faire naviguer la Reder Mor 6\" \/>\n<meta property=\"og:url\" content=\"https:\/\/vg-damgan.fr\/site\/histoire\/\" \/>\n<meta property=\"og:site_name\" content=\"Un vieux gr\u00e9ement pour Damgan\" \/>\n<meta property=\"article:publisher\" content=\"https:\/\/www.facebook.com\/VGDamgan\" \/>\n<meta property=\"article:modified_time\" content=\"2025-11-22T14:23:03+00:00\" \/>\n<meta property=\"og:image\" content=\"http:\/\/vg-damgan.fr\/site\/wp-content\/uploads\/2015\/05\/17549008041_ff9d3183c1_k.jpg\" \/>\n<meta name=\"twitter:card\" content=\"summary_large_image\" \/>\n<meta name=\"twitter:label1\" content=\"Dur\u00e9e de lecture estim\u00e9e\" \/>\n\t<meta name=\"twitter:data1\" content=\"6 minutes\" \/>\n<script type=\"application\/ld+json\" class=\"yoast-schema-graph\">{\"@context\":\"https:\\\/\\\/schema.org\",\"@graph\":[{\"@type\":\"WebPage\",\"@id\":\"https:\\\/\\\/vg-damgan.fr\\\/site\\\/histoire\\\/\",\"url\":\"https:\\\/\\\/vg-damgan.fr\\\/site\\\/histoire\\\/\",\"name\":\"Qui sommes nous? - Un vieux gr\u00e9ement pour Damgan\",\"isPartOf\":{\"@id\":\"https:\\\/\\\/vg-damgan.fr\\\/site\\\/#website\"},\"primaryImageOfPage\":{\"@id\":\"https:\\\/\\\/vg-damgan.fr\\\/site\\\/histoire\\\/#primaryimage\"},\"image\":{\"@id\":\"https:\\\/\\\/vg-damgan.fr\\\/site\\\/histoire\\\/#primaryimage\"},\"thumbnailUrl\":\"http:\\\/\\\/vg-damgan.fr\\\/site\\\/wp-content\\\/uploads\\\/2015\\\/05\\\/17549008041_ff9d3183c1_k.jpg\",\"datePublished\":\"2015-05-29T20:45:21+00:00\",\"dateModified\":\"2025-11-22T14:23:03+00:00\",\"description\":\"Pr\u00e9sentation de l'association \\\"un vieux gr\u00e9ements pour Damgan\\\" qui a pour but de restaurer et faire naviguer la Reder Mor 6\",\"breadcrumb\":{\"@id\":\"https:\\\/\\\/vg-damgan.fr\\\/site\\\/histoire\\\/#breadcrumb\"},\"inLanguage\":\"fr-FR\",\"potentialAction\":[{\"@type\":\"ReadAction\",\"target\":[\"https:\\\/\\\/vg-damgan.fr\\\/site\\\/histoire\\\/\"]}]},{\"@type\":\"ImageObject\",\"inLanguage\":\"fr-FR\",\"@id\":\"https:\\\/\\\/vg-damgan.fr\\\/site\\\/histoire\\\/#primaryimage\",\"url\":\"http:\\\/\\\/vg-damgan.fr\\\/site\\\/wp-content\\\/uploads\\\/2015\\\/05\\\/17549008041_ff9d3183c1_k.jpg\",\"contentUrl\":\"http:\\\/\\\/vg-damgan.fr\\\/site\\\/wp-content\\\/uploads\\\/2015\\\/05\\\/17549008041_ff9d3183c1_k.jpg\"},{\"@type\":\"BreadcrumbList\",\"@id\":\"https:\\\/\\\/vg-damgan.fr\\\/site\\\/histoire\\\/#breadcrumb\",\"itemListElement\":[{\"@type\":\"ListItem\",\"position\":1,\"name\":\"Accueil\",\"item\":\"https:\\\/\\\/vg-damgan.fr\\\/site\\\/\"},{\"@type\":\"ListItem\",\"position\":2,\"name\":\"Qui sommes nous?\"}]},{\"@type\":\"WebSite\",\"@id\":\"https:\\\/\\\/vg-damgan.fr\\\/site\\\/#website\",\"url\":\"https:\\\/\\\/vg-damgan.fr\\\/site\\\/\",\"name\":\"Un vieux gr\u00e9ement pour Damgan\",\"description\":\"Association damganaise pour la restauration de bateaux d\u2019int\u00e9r\u00eat patrimonial\",\"publisher\":{\"@id\":\"https:\\\/\\\/vg-damgan.fr\\\/site\\\/#organization\"},\"potentialAction\":[{\"@type\":\"SearchAction\",\"target\":{\"@type\":\"EntryPoint\",\"urlTemplate\":\"https:\\\/\\\/vg-damgan.fr\\\/site\\\/?s={search_term_string}\"},\"query-input\":{\"@type\":\"PropertyValueSpecification\",\"valueRequired\":true,\"valueName\":\"search_term_string\"}}],\"inLanguage\":\"fr-FR\"},{\"@type\":\"Organization\",\"@id\":\"https:\\\/\\\/vg-damgan.fr\\\/site\\\/#organization\",\"name\":\"Un vieux gr\u00e9ement pour Damgan\",\"url\":\"https:\\\/\\\/vg-damgan.fr\\\/site\\\/\",\"logo\":{\"@type\":\"ImageObject\",\"inLanguage\":\"fr-FR\",\"@id\":\"https:\\\/\\\/vg-damgan.fr\\\/site\\\/#\\\/schema\\\/logo\\\/image\\\/\",\"url\":\"https:\\\/\\\/i0.wp.com\\\/vg-damgan.fr\\\/site\\\/wp-content\\\/uploads\\\/2022\\\/12\\\/RederMor-Logo-photo.jpg?fit=2100%2C1680&ssl=1\",\"contentUrl\":\"https:\\\/\\\/i0.wp.com\\\/vg-damgan.fr\\\/site\\\/wp-content\\\/uploads\\\/2022\\\/12\\\/RederMor-Logo-photo.jpg?fit=2100%2C1680&ssl=1\",\"width\":2100,\"height\":1680,\"caption\":\"Un vieux gr\u00e9ement pour Damgan\"},\"image\":{\"@id\":\"https:\\\/\\\/vg-damgan.fr\\\/site\\\/#\\\/schema\\\/logo\\\/image\\\/\"},\"sameAs\":[\"https:\\\/\\\/www.facebook.com\\\/VGDamgan\"]}]}<\/script>\n<!-- \/ Yoast SEO plugin. -->","yoast_head_json":{"title":"Qui sommes nous? - Un vieux gr\u00e9ement pour Damgan","description":"Pr\u00e9sentation de l'association \"un vieux gr\u00e9ements pour Damgan\" qui a pour but de restaurer et faire naviguer la Reder Mor 6","robots":{"index":"index","follow":"follow","max-snippet":"max-snippet:-1","max-image-preview":"max-image-preview:large","max-video-preview":"max-video-preview:-1"},"canonical":"https:\/\/vg-damgan.fr\/site\/histoire\/","og_locale":"fr_FR","og_type":"article","og_title":"Qui sommes nous? - Un vieux gr\u00e9ement pour Damgan","og_description":"Pr\u00e9sentation de l'association \"un vieux gr\u00e9ements pour Damgan\" qui a pour but de restaurer et faire naviguer la Reder Mor 6","og_url":"https:\/\/vg-damgan.fr\/site\/histoire\/","og_site_name":"Un vieux gr\u00e9ement pour Damgan","article_publisher":"https:\/\/www.facebook.com\/VGDamgan","article_modified_time":"2025-11-22T14:23:03+00:00","og_image":[{"url":"http:\/\/vg-damgan.fr\/site\/wp-content\/uploads\/2015\/05\/17549008041_ff9d3183c1_k.jpg","type":"","width":"","height":""}],"twitter_card":"summary_large_image","twitter_misc":{"Dur\u00e9e de lecture estim\u00e9e":"6 minutes"},"schema":{"@context":"https:\/\/schema.org","@graph":[{"@type":"WebPage","@id":"https:\/\/vg-damgan.fr\/site\/histoire\/","url":"https:\/\/vg-damgan.fr\/site\/histoire\/","name":"Qui sommes nous? - Un vieux gr\u00e9ement pour Damgan","isPartOf":{"@id":"https:\/\/vg-damgan.fr\/site\/#website"},"primaryImageOfPage":{"@id":"https:\/\/vg-damgan.fr\/site\/histoire\/#primaryimage"},"image":{"@id":"https:\/\/vg-damgan.fr\/site\/histoire\/#primaryimage"},"thumbnailUrl":"http:\/\/vg-damgan.fr\/site\/wp-content\/uploads\/2015\/05\/17549008041_ff9d3183c1_k.jpg","datePublished":"2015-05-29T20:45:21+00:00","dateModified":"2025-11-22T14:23:03+00:00","description":"Pr\u00e9sentation de l'association \"un vieux gr\u00e9ements pour Damgan\" qui a pour but de restaurer et faire naviguer la Reder Mor 6","breadcrumb":{"@id":"https:\/\/vg-damgan.fr\/site\/histoire\/#breadcrumb"},"inLanguage":"fr-FR","potentialAction":[{"@type":"ReadAction","target":["https:\/\/vg-damgan.fr\/site\/histoire\/"]}]},{"@type":"ImageObject","inLanguage":"fr-FR","@id":"https:\/\/vg-damgan.fr\/site\/histoire\/#primaryimage","url":"http:\/\/vg-damgan.fr\/site\/wp-content\/uploads\/2015\/05\/17549008041_ff9d3183c1_k.jpg","contentUrl":"http:\/\/vg-damgan.fr\/site\/wp-content\/uploads\/2015\/05\/17549008041_ff9d3183c1_k.jpg"},{"@type":"BreadcrumbList","@id":"https:\/\/vg-damgan.fr\/site\/histoire\/#breadcrumb","itemListElement":[{"@type":"ListItem","position":1,"name":"Accueil","item":"https:\/\/vg-damgan.fr\/site\/"},{"@type":"ListItem","position":2,"name":"Qui sommes nous?"}]},{"@type":"WebSite","@id":"https:\/\/vg-damgan.fr\/site\/#website","url":"https:\/\/vg-damgan.fr\/site\/","name":"Un vieux gr\u00e9ement pour Damgan","description":"Association damganaise pour la restauration de bateaux d\u2019int\u00e9r\u00eat patrimonial","publisher":{"@id":"https:\/\/vg-damgan.fr\/site\/#organization"},"potentialAction":[{"@type":"SearchAction","target":{"@type":"EntryPoint","urlTemplate":"https:\/\/vg-damgan.fr\/site\/?s={search_term_string}"},"query-input":{"@type":"PropertyValueSpecification","valueRequired":true,"valueName":"search_term_string"}}],"inLanguage":"fr-FR"},{"@type":"Organization","@id":"https:\/\/vg-damgan.fr\/site\/#organization","name":"Un vieux gr\u00e9ement pour Damgan","url":"https:\/\/vg-damgan.fr\/site\/","logo":{"@type":"ImageObject","inLanguage":"fr-FR","@id":"https:\/\/vg-damgan.fr\/site\/#\/schema\/logo\/image\/","url":"https:\/\/i0.wp.com\/vg-damgan.fr\/site\/wp-content\/uploads\/2022\/12\/RederMor-Logo-photo.jpg?fit=2100%2C1680&ssl=1","contentUrl":"https:\/\/i0.wp.com\/vg-damgan.fr\/site\/wp-content\/uploads\/2022\/12\/RederMor-Logo-photo.jpg?fit=2100%2C1680&ssl=1","width":2100,"height":1680,"caption":"Un vieux gr\u00e9ement pour Damgan"},"image":{"@id":"https:\/\/vg-damgan.fr\/site\/#\/schema\/logo\/image\/"},"sameAs":["https:\/\/www.facebook.com\/VGDamgan"]}]}},"jetpack_sharing_enabled":true,"jetpack_shortlink":"https:\/\/wp.me\/P7bygr-e","jetpack-related-posts":[{"id":27,"url":"https:\/\/vg-damgan.fr\/site\/aideradherer\/","url_meta":{"origin":14,"position":0},"title":"Aider\/Adh\u00e9rer","author":"jerome","date":"29 mai 2015","format":false,"excerpt":"Pour nous aider, plusieurs possibilit\u00e9s: 1.Le b\u00e9n\u00e9volat: Pour nous aider, vous pouvez \u00eatre b\u00e9n\u00e9vole! Vous nous donnez vos possibilit\u00e9s d'emploi du temps et vos comp\u00e9tences et nous vous contactons pour nos manifestations. redermor6@laposte.net 2.L'adh\u00e9sion: Pour adh\u00e9rer \u00e0 l'association, c'est tr\u00e8s simple: soit vous venez nous rencontrer lors des manifestions, soit\u2026","rel":"","context":"Avec 4 commentaires","block_context":{"text":"Avec 4 commentaires","link":"https:\/\/vg-damgan.fr\/site\/aideradherer\/#comments"},"img":{"alt_text":"redermor-logo-photo-don","src":"https:\/\/i0.wp.com\/vg-damgan.fr\/site\/wp-content\/uploads\/2015\/05\/RederMor-Logo-photo-don-300x240.jpg?resize=350%2C200","width":350,"height":200},"classes":[]},{"id":1153,"url":"https:\/\/vg-damgan.fr\/site\/glossaire\/","url_meta":{"origin":14,"position":1},"title":"Glossaire","author":"L'\u00e9quipe VGD","date":"18 janvier 2017","format":false,"excerpt":"Retrouvez ici un lexique des termes de charpentes de marine ainsi que quelques plans explicatifs. LEXIQUE\u00a0 DES\u00a0 TERMES DE\u00a0 CHARPENTE\u00a0 MARINE: Par Bruno Fleurisson, 2011 \/Version 15 avril 2011. + quelques lexiques. Vous pouvez \u00e9galement le consulter ou\u00a0le t\u00e9l\u00e9charger en PDF ici. \u00a0 ABOUT Extr\u00e9mit\u00e9 d'une planche (bordage de car\u00e8ne\u2026","rel":"","context":"Article similaire","block_context":{"text":"Article similaire","link":""},"img":{"alt_text":"","src":"https:\/\/i0.wp.com\/vg-damgan.fr\/site\/wp-content\/uploads\/2017\/01\/page-glossaire.png?fit=800%2C445&ssl=1&resize=350%2C200","width":350,"height":200,"srcset":"https:\/\/i0.wp.com\/vg-damgan.fr\/site\/wp-content\/uploads\/2017\/01\/page-glossaire.png?fit=800%2C445&ssl=1&resize=350%2C200 1x, https:\/\/i0.wp.com\/vg-damgan.fr\/site\/wp-content\/uploads\/2017\/01\/page-glossaire.png?fit=800%2C445&ssl=1&resize=525%2C300 1.5x, https:\/\/i0.wp.com\/vg-damgan.fr\/site\/wp-content\/uploads\/2017\/01\/page-glossaire.png?fit=800%2C445&ssl=1&resize=700%2C400 2x"},"classes":[]},{"id":33,"url":"https:\/\/vg-damgan.fr\/site\/histoire-2\/","url_meta":{"origin":14,"position":2},"title":"Histoire","author":"jerome","date":"30 mai 2015","format":false,"excerpt":"Historique du Reder Mor VI. Le Reder Mor 6 nous vient du pays des Go\u00e9moniers, ces bateaux originaires de Bretagne et plus particuli\u00e8rement du Finist\u00e8re nord qui r\u00e9coltaient les algues de type laminaire \u00e0 proximit\u00e9 des c\u00f4tes \u00e0 l\u2019aide d\u2019une sorte de grande faucille emmanch\u00e9e (ar guillotin en breton). Ce\u2026","rel":"","context":"Avec 6 commentaires","block_context":{"text":"Avec 6 commentaires","link":"https:\/\/vg-damgan.fr\/site\/histoire-2\/#comments"},"img":{"alt_text":"","src":"https:\/\/i0.wp.com\/vg-damgan.fr\/site\/wp-content\/uploads\/2015\/05\/page-histoire-rm6.jpg?fit=800%2C445&ssl=1&resize=350%2C200","width":350,"height":200,"srcset":"https:\/\/i0.wp.com\/vg-damgan.fr\/site\/wp-content\/uploads\/2015\/05\/page-histoire-rm6.jpg?fit=800%2C445&ssl=1&resize=350%2C200 1x, https:\/\/i0.wp.com\/vg-damgan.fr\/site\/wp-content\/uploads\/2015\/05\/page-histoire-rm6.jpg?fit=800%2C445&ssl=1&resize=525%2C300 1.5x, https:\/\/i0.wp.com\/vg-damgan.fr\/site\/wp-content\/uploads\/2015\/05\/page-histoire-rm6.jpg?fit=800%2C445&ssl=1&resize=700%2C400 2x"},"classes":[]},{"id":2953,"url":"https:\/\/vg-damgan.fr\/site\/naviguer-reder-mor-6\/","url_meta":{"origin":14,"position":3},"title":"Naviguer sur le Reder Mor 6","author":"L'\u00e9quipe VGD","date":"18 mai 2019","format":false,"excerpt":"Vous voulez naviguer sur le Reder Mor 6? Rien de plus simple... Sur cette page, dates et conditions! La loi nous impose, en tant qu'association, de ne pouvoir embarquer que des adh\u00e9rents \u00e0 jour de leur cotisation. Chaque adh\u00e9sion est nominative et doit \u00eatre faite avant le d\u00e9part du bateau.\u2026","rel":"","context":"Article similaire","block_context":{"text":"Article similaire","link":""},"img":{"alt_text":"","src":"https:\/\/i0.wp.com\/vg-damgan.fr\/site\/wp-content\/uploads\/2019\/05\/DATES-SORTIES-REDER-MOR-6-DAMGAN-PENERF.jpg?fit=540%2C281&ssl=1&resize=350%2C200","width":350,"height":200,"srcset":"https:\/\/i0.wp.com\/vg-damgan.fr\/site\/wp-content\/uploads\/2019\/05\/DATES-SORTIES-REDER-MOR-6-DAMGAN-PENERF.jpg?fit=540%2C281&ssl=1&resize=350%2C200 1x, https:\/\/i0.wp.com\/vg-damgan.fr\/site\/wp-content\/uploads\/2019\/05\/DATES-SORTIES-REDER-MOR-6-DAMGAN-PENERF.jpg?fit=540%2C281&ssl=1&resize=525%2C300 1.5x"},"classes":[]},{"id":16,"url":"https:\/\/vg-damgan.fr\/site\/contact\/","url_meta":{"origin":14,"position":4},"title":"Contact","author":"jerome","date":"29 mai 2015","format":false,"excerpt":"Pour nous contacter, voici les coordonn\u00e9es de l'association et les noms des diff\u00e9rents responsables. Vieux Gr\u00e9ement pour Damgan 39 Grande rue 56750 Damgan redermor6@laposte.net \u00a0 Trombinoscope du bureau : Emmanuel Flahault Pr\u00e9sident Gilles R\u00e9veillant Vice pr\u00e9sident Pascal Hudelaine Tr\u00e9sorier Paul Gr\u00e9au Secr\u00e9taire Alain Blais Secr\u00e9taire adjoint, produits d\u00e9riv\u00e9s Autres contacts\u2026","rel":"","context":"Avec 9 commentaires","block_context":{"text":"Avec 9 commentaires","link":"https:\/\/vg-damgan.fr\/site\/contact\/#comments"},"img":{"alt_text":"Emmanuel_Flahaut","src":"https:\/\/i0.wp.com\/vg-damgan.fr\/site\/wp-content\/uploads\/2015\/05\/Emmanuel_Flahaut-150x150.jpg?resize=350%2C200&ssl=1","width":350,"height":200},"classes":[]},{"id":35,"url":"https:\/\/vg-damgan.fr\/site\/photos\/","url_meta":{"origin":14,"position":5},"title":"Presse","author":"jerome","date":"30 mai 2015","format":false,"excerpt":"- Notre pr\u00e9sence dans les journaux: \u00a0 \u00a0- Notre book de pr\u00e9sentation: \u00a0- Notre book\u00a0scolaire: Nos images officielles: \u00a0","rel":"","context":"Avec 3 commentaires","block_context":{"text":"Avec 3 commentaires","link":"https:\/\/vg-damgan.fr\/site\/photos\/#comments"},"img":{"alt_text":"gabarit-image-article-de-presse-revue-de-presse","src":"https:\/\/i0.wp.com\/vg-damgan.fr\/site\/wp-content\/uploads\/2015\/05\/gabarit-image-article-de-presse-revue-de-presse-1-300x156.jpg?resize=350%2C200","width":350,"height":200},"classes":[]}],"_links":{"self":[{"href":"https:\/\/vg-damgan.fr\/site\/wp-json\/wp\/v2\/pages\/14","targetHints":{"allow":["GET"]}}],"collection":[{"href":"https:\/\/vg-damgan.fr\/site\/wp-json\/wp\/v2\/pages"}],"about":[{"href":"https:\/\/vg-damgan.fr\/site\/wp-json\/wp\/v2\/types\/page"}],"author":[{"embeddable":true,"href":"https:\/\/vg-damgan.fr\/site\/wp-json\/wp\/v2\/users\/1"}],"replies":[{"embeddable":true,"href":"https:\/\/vg-damgan.fr\/site\/wp-json\/wp\/v2\/comments?post=14"}],"version-history":[{"count":17,"href":"https:\/\/vg-damgan.fr\/site\/wp-json\/wp\/v2\/pages\/14\/revisions"}],"predecessor-version":[{"id":4351,"href":"https:\/\/vg-damgan.fr\/site\/wp-json\/wp\/v2\/pages\/14\/revisions\/4351"}],"wp:attachment":[{"href":"https:\/\/vg-damgan.fr\/site\/wp-json\/wp\/v2\/media?parent=14"}],"curies":[{"name":"wp","href":"https:\/\/api.w.org\/{rel}","templated":true}]}}