{"id":37,"date":"2015-05-30T06:46:07","date_gmt":"2015-05-30T05:46:07","guid":{"rendered":"http:\/\/vg-damgan.fr\/site\/?page_id=37"},"modified":"2018-05-04T16:30:37","modified_gmt":"2018-05-04T15:30:37","slug":"partenaires","status":"publish","type":"page","link":"https:\/\/vg-damgan.fr\/site\/partenaires\/","title":{"rendered":"Partenaires"},"content":{"rendered":"<h1>Subventions:<\/h1>\n<p><a href=\"http:\/\/www.morbihan.fr\/accueil\/\" rel=\"attachment wp-att-484\"><img data-recalc-dims=\"1\" loading=\"lazy\" decoding=\"async\" data-attachment-id=\"484\" data-permalink=\"https:\/\/vg-damgan.fr\/site\/partenaires\/morbihan\/\" data-orig-file=\"https:\/\/i0.wp.com\/vg-damgan.fr\/site\/wp-content\/uploads\/2015\/05\/morbihan.jpg?fit=554%2C327&amp;ssl=1\" data-orig-size=\"554,327\" data-comments-opened=\"1\" data-image-meta=\"{&quot;aperture&quot;:&quot;0&quot;,&quot;credit&quot;:&quot;&quot;,&quot;camera&quot;:&quot;&quot;,&quot;caption&quot;:&quot;&quot;,&quot;created_timestamp&quot;:&quot;0&quot;,&quot;copyright&quot;:&quot;&quot;,&quot;focal_length&quot;:&quot;0&quot;,&quot;iso&quot;:&quot;0&quot;,&quot;shutter_speed&quot;:&quot;0&quot;,&quot;title&quot;:&quot;&quot;,&quot;orientation&quot;:&quot;0&quot;}\" data-image-title=\"morbihan\" data-image-description=\"\" data-image-caption=\"\" data-large-file=\"https:\/\/i0.wp.com\/vg-damgan.fr\/site\/wp-content\/uploads\/2015\/05\/morbihan.jpg?fit=554%2C327&amp;ssl=1\" class=\"aligncenter wp-image-484 size-medium\" src=\"https:\/\/i0.wp.com\/vg-damgan.fr\/site\/wp-content\/uploads\/2015\/05\/morbihan-300x177.jpg?resize=300%2C177\" alt=\"morbihan\" width=\"300\" height=\"177\" srcset=\"https:\/\/i0.wp.com\/vg-damgan.fr\/site\/wp-content\/uploads\/2015\/05\/morbihan.jpg?resize=300%2C177&amp;ssl=1 300w, https:\/\/i0.wp.com\/vg-damgan.fr\/site\/wp-content\/uploads\/2015\/05\/morbihan.jpg?resize=500%2C295&amp;ssl=1 500w, https:\/\/i0.wp.com\/vg-damgan.fr\/site\/wp-content\/uploads\/2015\/05\/morbihan.jpg?w=554&amp;ssl=1 554w\" sizes=\"auto, (max-width: 300px) 100vw, 300px\" \/><\/a><\/p>\n<p><a href=\"http:\/\/damgan.fr\" rel=\"attachment wp-att-314\"><img data-recalc-dims=\"1\" loading=\"lazy\" decoding=\"async\" data-attachment-id=\"314\" data-permalink=\"https:\/\/vg-damgan.fr\/site\/partenaires\/logo-damgan\/\" data-orig-file=\"https:\/\/i0.wp.com\/vg-damgan.fr\/site\/wp-content\/uploads\/2015\/05\/logo-damgan.jpg?fit=746%2C768&amp;ssl=1\" data-orig-size=\"746,768\" data-comments-opened=\"1\" data-image-meta=\"{&quot;aperture&quot;:&quot;0&quot;,&quot;credit&quot;:&quot;&quot;,&quot;camera&quot;:&quot;&quot;,&quot;caption&quot;:&quot;&quot;,&quot;created_timestamp&quot;:&quot;0&quot;,&quot;copyright&quot;:&quot;&quot;,&quot;focal_length&quot;:&quot;0&quot;,&quot;iso&quot;:&quot;0&quot;,&quot;shutter_speed&quot;:&quot;0&quot;,&quot;title&quot;:&quot;&quot;,&quot;orientation&quot;:&quot;1&quot;}\" data-image-title=\"logo-damgan\" data-image-description=\"\" data-image-caption=\"\" data-large-file=\"https:\/\/i0.wp.com\/vg-damgan.fr\/site\/wp-content\/uploads\/2015\/05\/logo-damgan.jpg?fit=583%2C600&amp;ssl=1\" class=\"aligncenter wp-image-314 size-medium\" src=\"https:\/\/i0.wp.com\/vg-damgan.fr\/site\/wp-content\/uploads\/2015\/05\/logo-damgan-291x300.jpg?resize=291%2C300\" alt=\"logo-damgan\" width=\"291\" height=\"300\" srcset=\"https:\/\/i0.wp.com\/vg-damgan.fr\/site\/wp-content\/uploads\/2015\/05\/logo-damgan.jpg?resize=291%2C300&amp;ssl=1 291w, https:\/\/i0.wp.com\/vg-damgan.fr\/site\/wp-content\/uploads\/2015\/05\/logo-damgan.jpg?w=746&amp;ssl=1 746w\" sizes=\"auto, (max-width: 291px) 100vw, 291px\" \/><\/a><\/p>\n<p>&nbsp;<\/p>\n<p><a href=\"http:\/\/www.bretagne.bzh\/\" target=\"_blank\" rel=\"attachment wp-att-599\"><img data-recalc-dims=\"1\" loading=\"lazy\" decoding=\"async\" data-attachment-id=\"599\" data-permalink=\"https:\/\/vg-damgan.fr\/site\/partenaires\/region_bretagne_logo-svg\/\" data-orig-file=\"https:\/\/i0.wp.com\/vg-damgan.fr\/site\/wp-content\/uploads\/2015\/05\/R%C3%A9gion_Bretagne_logo.svg_.png?fit=1024%2C1024&amp;ssl=1\" data-orig-size=\"1024,1024\" data-comments-opened=\"1\" data-image-meta=\"{&quot;aperture&quot;:&quot;0&quot;,&quot;credit&quot;:&quot;&quot;,&quot;camera&quot;:&quot;&quot;,&quot;caption&quot;:&quot;&quot;,&quot;created_timestamp&quot;:&quot;0&quot;,&quot;copyright&quot;:&quot;&quot;,&quot;focal_length&quot;:&quot;0&quot;,&quot;iso&quot;:&quot;0&quot;,&quot;shutter_speed&quot;:&quot;0&quot;,&quot;title&quot;:&quot;&quot;,&quot;orientation&quot;:&quot;0&quot;}\" data-image-title=\"R\u00e9gion_Bretagne_(logo).svg\" data-image-description=\"\" data-image-caption=\"\" data-large-file=\"https:\/\/i0.wp.com\/vg-damgan.fr\/site\/wp-content\/uploads\/2015\/05\/R%C3%A9gion_Bretagne_logo.svg_.png?fit=600%2C600&amp;ssl=1\" class=\"aligncenter wp-image-599 size-medium\" src=\"https:\/\/i0.wp.com\/vg-damgan.fr\/site\/wp-content\/uploads\/2015\/05\/R%C3%A9gion_Bretagne_logo.svg_-300x300.png?resize=300%2C300\" alt=\"R\u00e9gion_Bretagne_(logo).svg\" width=\"300\" height=\"300\" srcset=\"https:\/\/i0.wp.com\/vg-damgan.fr\/site\/wp-content\/uploads\/2015\/05\/R%C3%A9gion_Bretagne_logo.svg_.png?resize=300%2C300&amp;ssl=1 300w, https:\/\/i0.wp.com\/vg-damgan.fr\/site\/wp-content\/uploads\/2015\/05\/R%C3%A9gion_Bretagne_logo.svg_.png?resize=150%2C150&amp;ssl=1 150w, https:\/\/i0.wp.com\/vg-damgan.fr\/site\/wp-content\/uploads\/2015\/05\/R%C3%A9gion_Bretagne_logo.svg_.png?resize=768%2C768&amp;ssl=1 768w, https:\/\/i0.wp.com\/vg-damgan.fr\/site\/wp-content\/uploads\/2015\/05\/R%C3%A9gion_Bretagne_logo.svg_.png?w=1024&amp;ssl=1 1024w\" sizes=\"auto, (max-width: 300px) 100vw, 300px\" \/><\/a><\/p>\n<p>&nbsp;<\/p>\n<h1>Donateurs et partenaires:<\/h1>\n<p><strong>Boucherie de l&rsquo;Oust<\/strong> \u00e0 Allaire et Pennestin<\/p>\n<p><strong>Camping du Clos Nenn<\/strong> \u00e0 Damgan<\/p>\n<p><strong>Entreprise Canu<\/strong> \u00e0 Damgan<\/p>\n<p><strong>France Collectivit\u00e9s<\/strong>\u00a0\u00e0 Clichy<\/p>\n<p><strong>Hall 24<\/strong> \u00e0 Damgan<\/p>\n<p><strong>Monsieur Bricolage<\/strong> \u00e0\u00a0Ambon-Muzillac<\/p>\n<p><strong>P\u00e9nerf Marine<\/strong> \u00e0 Damgan<\/p>\n<p><strong>Super U<\/strong> \u00e0 Ambon-Muzillac<\/p>\n<h1>Membres Bienfaiteurs:<\/h1>\n<ul>\n<li>Guillaume Claite<\/li>\n<li>Jean-Marie Labesse<\/li>\n<li><a href=\"http:\/\/www.kervoyelles.fr\">Kervoyelles<\/a><\/li>\n<li>Pierre Cheval Gatinois<\/li>\n<li><a href=\"http:\/\/www.bijoux-createurs-verre.com\/\">Amarres de bijoux<\/a><\/li>\n<li>Gilles Bris\u00e9<\/li>\n<\/ul>\n<p>&nbsp;<\/p>\n<p style=\"text-align: center;\">\n","protected":false},"excerpt":{"rendered":"<div class=\"mh-excerpt\"><p>Subventions: &nbsp; &nbsp; Donateurs et partenaires: Boucherie de l&rsquo;Oust \u00e0 Allaire et Pennestin Camping du Clos Nenn \u00e0 Damgan Entreprise Canu \u00e0 Damgan France Collectivit\u00e9s\u00a0\u00e0 Clichy Hall <a class=\"mh-excerpt-more\" href=\"https:\/\/vg-damgan.fr\/site\/partenaires\/\" title=\"Partenaires\">&#8230;[Lire la suite&#8230;]<\/a><\/p>\n<\/div>","protected":false},"author":1,"featured_media":0,"parent":0,"menu_order":0,"comment_status":"open","ping_status":"open","template":"","meta":{"_monsterinsights_skip_tracking":false,"_monsterinsights_sitenote_active":false,"_monsterinsights_sitenote_note":"","_monsterinsights_sitenote_category":0,"jetpack_post_was_ever_published":false,"footnotes":""},"class_list":["post-37","page","type-page","status-publish","hentry","odd"],"yoast_head":"<!-- This site is optimized with the Yoast SEO plugin v27.5 - https:\/\/yoast.com\/product\/yoast-seo-wordpress\/ -->\n<title>Partenaires - Un vieux gr\u00e9ement pour Damgan<\/title>\n<meta name=\"robots\" content=\"index, follow, max-snippet:-1, max-image-preview:large, max-video-preview:-1\" \/>\n<link rel=\"canonical\" href=\"https:\/\/vg-damgan.fr\/site\/partenaires\/\" \/>\n<meta property=\"og:locale\" content=\"fr_FR\" \/>\n<meta property=\"og:type\" content=\"article\" \/>\n<meta property=\"og:title\" content=\"Partenaires - Un vieux gr\u00e9ement pour Damgan\" \/>\n<meta property=\"og:description\" content=\"Subventions: &nbsp; &nbsp; Donateurs et partenaires: Boucherie de l&rsquo;Oust \u00e0 Allaire et Pennestin Camping du Clos Nenn \u00e0 Damgan Entreprise Canu \u00e0 Damgan France Collectivit\u00e9s\u00a0\u00e0 Clichy Hall ...[Lire la suite...]\" \/>\n<meta property=\"og:url\" content=\"https:\/\/vg-damgan.fr\/site\/partenaires\/\" \/>\n<meta property=\"og:site_name\" content=\"Un vieux gr\u00e9ement pour Damgan\" \/>\n<meta property=\"article:publisher\" content=\"https:\/\/www.facebook.com\/VGDamgan\" \/>\n<meta property=\"article:modified_time\" content=\"2018-05-04T15:30:37+00:00\" \/>\n<meta property=\"og:image\" content=\"http:\/\/vg-damgan.fr\/site\/wp-content\/uploads\/2015\/05\/morbihan-300x177.jpg\" \/>\n<meta name=\"twitter:card\" content=\"summary_large_image\" \/>\n<script type=\"application\/ld+json\" class=\"yoast-schema-graph\">{\"@context\":\"https:\\\/\\\/schema.org\",\"@graph\":[{\"@type\":\"WebPage\",\"@id\":\"https:\\\/\\\/vg-damgan.fr\\\/site\\\/partenaires\\\/\",\"url\":\"https:\\\/\\\/vg-damgan.fr\\\/site\\\/partenaires\\\/\",\"name\":\"Partenaires - Un vieux gr\u00e9ement pour Damgan\",\"isPartOf\":{\"@id\":\"https:\\\/\\\/vg-damgan.fr\\\/site\\\/#website\"},\"primaryImageOfPage\":{\"@id\":\"https:\\\/\\\/vg-damgan.fr\\\/site\\\/partenaires\\\/#primaryimage\"},\"image\":{\"@id\":\"https:\\\/\\\/vg-damgan.fr\\\/site\\\/partenaires\\\/#primaryimage\"},\"thumbnailUrl\":\"http:\\\/\\\/vg-damgan.fr\\\/site\\\/wp-content\\\/uploads\\\/2015\\\/05\\\/morbihan-300x177.jpg\",\"datePublished\":\"2015-05-30T05:46:07+00:00\",\"dateModified\":\"2018-05-04T15:30:37+00:00\",\"breadcrumb\":{\"@id\":\"https:\\\/\\\/vg-damgan.fr\\\/site\\\/partenaires\\\/#breadcrumb\"},\"inLanguage\":\"fr-FR\",\"potentialAction\":[{\"@type\":\"ReadAction\",\"target\":[\"https:\\\/\\\/vg-damgan.fr\\\/site\\\/partenaires\\\/\"]}]},{\"@type\":\"ImageObject\",\"inLanguage\":\"fr-FR\",\"@id\":\"https:\\\/\\\/vg-damgan.fr\\\/site\\\/partenaires\\\/#primaryimage\",\"url\":\"http:\\\/\\\/vg-damgan.fr\\\/site\\\/wp-content\\\/uploads\\\/2015\\\/05\\\/morbihan-300x177.jpg\",\"contentUrl\":\"http:\\\/\\\/vg-damgan.fr\\\/site\\\/wp-content\\\/uploads\\\/2015\\\/05\\\/morbihan-300x177.jpg\"},{\"@type\":\"BreadcrumbList\",\"@id\":\"https:\\\/\\\/vg-damgan.fr\\\/site\\\/partenaires\\\/#breadcrumb\",\"itemListElement\":[{\"@type\":\"ListItem\",\"position\":1,\"name\":\"Accueil\",\"item\":\"https:\\\/\\\/vg-damgan.fr\\\/site\\\/\"},{\"@type\":\"ListItem\",\"position\":2,\"name\":\"Partenaires\"}]},{\"@type\":\"WebSite\",\"@id\":\"https:\\\/\\\/vg-damgan.fr\\\/site\\\/#website\",\"url\":\"https:\\\/\\\/vg-damgan.fr\\\/site\\\/\",\"name\":\"Un vieux gr\u00e9ement pour Damgan\",\"description\":\"Association damganaise pour la restauration de bateaux d\u2019int\u00e9r\u00eat patrimonial\",\"publisher\":{\"@id\":\"https:\\\/\\\/vg-damgan.fr\\\/site\\\/#organization\"},\"potentialAction\":[{\"@type\":\"SearchAction\",\"target\":{\"@type\":\"EntryPoint\",\"urlTemplate\":\"https:\\\/\\\/vg-damgan.fr\\\/site\\\/?s={search_term_string}\"},\"query-input\":{\"@type\":\"PropertyValueSpecification\",\"valueRequired\":true,\"valueName\":\"search_term_string\"}}],\"inLanguage\":\"fr-FR\"},{\"@type\":\"Organization\",\"@id\":\"https:\\\/\\\/vg-damgan.fr\\\/site\\\/#organization\",\"name\":\"Un vieux gr\u00e9ement pour Damgan\",\"url\":\"https:\\\/\\\/vg-damgan.fr\\\/site\\\/\",\"logo\":{\"@type\":\"ImageObject\",\"inLanguage\":\"fr-FR\",\"@id\":\"https:\\\/\\\/vg-damgan.fr\\\/site\\\/#\\\/schema\\\/logo\\\/image\\\/\",\"url\":\"https:\\\/\\\/i0.wp.com\\\/vg-damgan.fr\\\/site\\\/wp-content\\\/uploads\\\/2022\\\/12\\\/RederMor-Logo-photo.jpg?fit=2100%2C1680&ssl=1\",\"contentUrl\":\"https:\\\/\\\/i0.wp.com\\\/vg-damgan.fr\\\/site\\\/wp-content\\\/uploads\\\/2022\\\/12\\\/RederMor-Logo-photo.jpg?fit=2100%2C1680&ssl=1\",\"width\":2100,\"height\":1680,\"caption\":\"Un vieux gr\u00e9ement pour Damgan\"},\"image\":{\"@id\":\"https:\\\/\\\/vg-damgan.fr\\\/site\\\/#\\\/schema\\\/logo\\\/image\\\/\"},\"sameAs\":[\"https:\\\/\\\/www.facebook.com\\\/VGDamgan\"]}]}<\/script>\n<!-- \/ Yoast SEO plugin. -->","yoast_head_json":{"title":"Partenaires - Un vieux gr\u00e9ement pour Damgan","robots":{"index":"index","follow":"follow","max-snippet":"max-snippet:-1","max-image-preview":"max-image-preview:large","max-video-preview":"max-video-preview:-1"},"canonical":"https:\/\/vg-damgan.fr\/site\/partenaires\/","og_locale":"fr_FR","og_type":"article","og_title":"Partenaires - Un vieux gr\u00e9ement pour Damgan","og_description":"Subventions: &nbsp; &nbsp; Donateurs et partenaires: Boucherie de l&rsquo;Oust \u00e0 Allaire et Pennestin Camping du Clos Nenn \u00e0 Damgan Entreprise Canu \u00e0 Damgan France Collectivit\u00e9s\u00a0\u00e0 Clichy Hall ...[Lire la suite...]","og_url":"https:\/\/vg-damgan.fr\/site\/partenaires\/","og_site_name":"Un vieux gr\u00e9ement pour Damgan","article_publisher":"https:\/\/www.facebook.com\/VGDamgan","article_modified_time":"2018-05-04T15:30:37+00:00","og_image":[{"url":"http:\/\/vg-damgan.fr\/site\/wp-content\/uploads\/2015\/05\/morbihan-300x177.jpg","type":"","width":"","height":""}],"twitter_card":"summary_large_image","schema":{"@context":"https:\/\/schema.org","@graph":[{"@type":"WebPage","@id":"https:\/\/vg-damgan.fr\/site\/partenaires\/","url":"https:\/\/vg-damgan.fr\/site\/partenaires\/","name":"Partenaires - Un vieux gr\u00e9ement pour Damgan","isPartOf":{"@id":"https:\/\/vg-damgan.fr\/site\/#website"},"primaryImageOfPage":{"@id":"https:\/\/vg-damgan.fr\/site\/partenaires\/#primaryimage"},"image":{"@id":"https:\/\/vg-damgan.fr\/site\/partenaires\/#primaryimage"},"thumbnailUrl":"http:\/\/vg-damgan.fr\/site\/wp-content\/uploads\/2015\/05\/morbihan-300x177.jpg","datePublished":"2015-05-30T05:46:07+00:00","dateModified":"2018-05-04T15:30:37+00:00","breadcrumb":{"@id":"https:\/\/vg-damgan.fr\/site\/partenaires\/#breadcrumb"},"inLanguage":"fr-FR","potentialAction":[{"@type":"ReadAction","target":["https:\/\/vg-damgan.fr\/site\/partenaires\/"]}]},{"@type":"ImageObject","inLanguage":"fr-FR","@id":"https:\/\/vg-damgan.fr\/site\/partenaires\/#primaryimage","url":"http:\/\/vg-damgan.fr\/site\/wp-content\/uploads\/2015\/05\/morbihan-300x177.jpg","contentUrl":"http:\/\/vg-damgan.fr\/site\/wp-content\/uploads\/2015\/05\/morbihan-300x177.jpg"},{"@type":"BreadcrumbList","@id":"https:\/\/vg-damgan.fr\/site\/partenaires\/#breadcrumb","itemListElement":[{"@type":"ListItem","position":1,"name":"Accueil","item":"https:\/\/vg-damgan.fr\/site\/"},{"@type":"ListItem","position":2,"name":"Partenaires"}]},{"@type":"WebSite","@id":"https:\/\/vg-damgan.fr\/site\/#website","url":"https:\/\/vg-damgan.fr\/site\/","name":"Un vieux gr\u00e9ement pour Damgan","description":"Association damganaise pour la restauration de bateaux d\u2019int\u00e9r\u00eat patrimonial","publisher":{"@id":"https:\/\/vg-damgan.fr\/site\/#organization"},"potentialAction":[{"@type":"SearchAction","target":{"@type":"EntryPoint","urlTemplate":"https:\/\/vg-damgan.fr\/site\/?s={search_term_string}"},"query-input":{"@type":"PropertyValueSpecification","valueRequired":true,"valueName":"search_term_string"}}],"inLanguage":"fr-FR"},{"@type":"Organization","@id":"https:\/\/vg-damgan.fr\/site\/#organization","name":"Un vieux gr\u00e9ement pour Damgan","url":"https:\/\/vg-damgan.fr\/site\/","logo":{"@type":"ImageObject","inLanguage":"fr-FR","@id":"https:\/\/vg-damgan.fr\/site\/#\/schema\/logo\/image\/","url":"https:\/\/i0.wp.com\/vg-damgan.fr\/site\/wp-content\/uploads\/2022\/12\/RederMor-Logo-photo.jpg?fit=2100%2C1680&ssl=1","contentUrl":"https:\/\/i0.wp.com\/vg-damgan.fr\/site\/wp-content\/uploads\/2022\/12\/RederMor-Logo-photo.jpg?fit=2100%2C1680&ssl=1","width":2100,"height":1680,"caption":"Un vieux gr\u00e9ement pour Damgan"},"image":{"@id":"https:\/\/vg-damgan.fr\/site\/#\/schema\/logo\/image\/"},"sameAs":["https:\/\/www.facebook.com\/VGDamgan"]}]}},"jetpack_sharing_enabled":true,"jetpack_shortlink":"https:\/\/wp.me\/P7bygr-B","jetpack-related-posts":[{"id":1868,"url":"https:\/\/vg-damgan.fr\/site\/les-manifestations\/","url_meta":{"origin":37,"position":0},"title":"Les manifestations","author":"L'\u00e9quipe VGD","date":"7 mars 2018","format":false,"excerpt":"NOTRE AGENDA 2020: 4-5 avril,\u00a0Tour du cochon\u00a0avec la flotille de Basse Vilaine, 18 au 25 mai,\u00a0Vilaine en F\u00eate, de Tr\u00e9higier \u00e0 Redon 30-31 mai,\u00a0F\u00eate du Car\u00e9nage\u00a0au Logeo, avec Vizeilles Voiles de Rhuys F\u00eate du Reder Mor6 les 13 et 14 juin, \u00e0 P\u00e9nerf 1,2,3 aout,\u00a0F\u00eate du grand\u00a0Norven\u00a0\u00e0 Piriac 2-3 Aout,\u00a0Grandes\u2026","rel":"","context":"Article similaire","block_context":{"text":"Article similaire","link":""},"img":{"alt_text":"affiche semain du golfe du morbihan 2019","src":"https:\/\/i0.wp.com\/vg-damgan.fr\/site\/wp-content\/uploads\/2018\/03\/SDG2019AfficheBD-424x600.jpg?resize=350%2C200","width":350,"height":200},"classes":[]},{"id":16,"url":"https:\/\/vg-damgan.fr\/site\/contact\/","url_meta":{"origin":37,"position":1},"title":"Contact","author":"jerome","date":"29 mai 2015","format":false,"excerpt":"Pour nous contacter, voici les coordonn\u00e9es de l'association et les noms des diff\u00e9rents responsables. Vieux Gr\u00e9ement pour Damgan 39 Grande rue 56750 Damgan redermor6@laposte.net \u00a0 Trombinoscope du bureau : Emmanuel Flahault Pr\u00e9sident Gilles R\u00e9veillant Vice pr\u00e9sident Pascal Hudelaine Tr\u00e9sorier Paul Gr\u00e9au Secr\u00e9taire Alain Blais Secr\u00e9taire adjoint, produits d\u00e9riv\u00e9s Autres contacts\u2026","rel":"","context":"Avec 9 commentaires","block_context":{"text":"Avec 9 commentaires","link":"https:\/\/vg-damgan.fr\/site\/contact\/#comments"},"img":{"alt_text":"Emmanuel_Flahaut","src":"https:\/\/i0.wp.com\/vg-damgan.fr\/site\/wp-content\/uploads\/2015\/05\/Emmanuel_Flahaut-150x150.jpg?resize=350%2C200&ssl=1","width":350,"height":200},"classes":[]},{"id":27,"url":"https:\/\/vg-damgan.fr\/site\/aideradherer\/","url_meta":{"origin":37,"position":2},"title":"Aider\/Adh\u00e9rer","author":"jerome","date":"29 mai 2015","format":false,"excerpt":"Pour nous aider, plusieurs possibilit\u00e9s: 1.Le b\u00e9n\u00e9volat: Pour nous aider, vous pouvez \u00eatre b\u00e9n\u00e9vole! Vous nous donnez vos possibilit\u00e9s d'emploi du temps et vos comp\u00e9tences et nous vous contactons pour nos manifestations. redermor6@laposte.net 2.L'adh\u00e9sion: Pour adh\u00e9rer \u00e0 l'association, c'est tr\u00e8s simple: soit vous venez nous rencontrer lors des manifestions, soit\u2026","rel":"","context":"Avec 4 commentaires","block_context":{"text":"Avec 4 commentaires","link":"https:\/\/vg-damgan.fr\/site\/aideradherer\/#comments"},"img":{"alt_text":"redermor-logo-photo-don","src":"https:\/\/i0.wp.com\/vg-damgan.fr\/site\/wp-content\/uploads\/2015\/05\/RederMor-Logo-photo-don-300x240.jpg?resize=350%2C200","width":350,"height":200},"classes":[]},{"id":1062,"url":"https:\/\/vg-damgan.fr\/site\/atelier-matelotage\/","url_meta":{"origin":37,"position":3},"title":"Ateliers matelotage","author":"L'\u00e9quipe VGD","date":"29 novembre 2016","format":false,"excerpt":"ATELIER MATELOTAGE & NAVIGATION Vous voulez apprendre \u00e0 faire des n\u0153uds marins, des bracelets ou d'autres objets \u00e0 base de corde. Vous voulez vous perfectionner \u00e0 la navigation, savoir lire une carte et pr\u00e9parer vos trajets. L'association organise 2 jeudis par mois un atelier \u00e0 la salle du Lic (Maison\u2026","rel":"","context":"Article similaire","block_context":{"text":"Article similaire","link":""},"img":{"alt_text":"","src":"https:\/\/i0.wp.com\/vg-damgan.fr\/site\/wp-content\/uploads\/2025\/10\/matelotage-2025-2026-1-800x576.jpg?resize=350%2C200&ssl=1","width":350,"height":200,"srcset":"https:\/\/i0.wp.com\/vg-damgan.fr\/site\/wp-content\/uploads\/2025\/10\/matelotage-2025-2026-1-800x576.jpg?resize=350%2C200&ssl=1 1x, https:\/\/i0.wp.com\/vg-damgan.fr\/site\/wp-content\/uploads\/2025\/10\/matelotage-2025-2026-1-800x576.jpg?resize=525%2C300&ssl=1 1.5x, https:\/\/i0.wp.com\/vg-damgan.fr\/site\/wp-content\/uploads\/2025\/10\/matelotage-2025-2026-1-800x576.jpg?resize=700%2C400&ssl=1 2x"},"classes":[]},{"id":14,"url":"https:\/\/vg-damgan.fr\/site\/histoire\/","url_meta":{"origin":37,"position":4},"title":"Qui sommes nous?","author":"jerome","date":"29 mai 2015","format":false,"excerpt":"Qui sommes nous? Cr\u00e9\u00e9e en 2015 (publication au Journal Officiel) , l\u2019association \u00ab Un vieux gr\u00e9ement pour Damgan \u00bb a pour but de restaurer un go\u00e9monier de 7m84 class\u00e9 \u00ab Bateau d\u2019int\u00e9r\u00eat patrimonial \u00bb. Le projet est de faire d\u00e9couvrir la ria de P\u00e9nerf et le faire participer aux \u00e9v\u00e8nements\u2026","rel":"","context":"Avec 1 commentaire","block_context":{"text":"Avec 1 commentaire","link":"https:\/\/vg-damgan.fr\/site\/histoire\/#comments"},"img":{"alt_text":"17549008041_ff9d3183c1_k","src":"https:\/\/i0.wp.com\/vg-damgan.fr\/site\/wp-content\/uploads\/2015\/05\/17549008041_ff9d3183c1_k.jpg?resize=350%2C200","width":350,"height":200,"srcset":"https:\/\/i0.wp.com\/vg-damgan.fr\/site\/wp-content\/uploads\/2015\/05\/17549008041_ff9d3183c1_k.jpg?resize=350%2C200 1x, https:\/\/i0.wp.com\/vg-damgan.fr\/site\/wp-content\/uploads\/2015\/05\/17549008041_ff9d3183c1_k.jpg?resize=525%2C300 1.5x, https:\/\/i0.wp.com\/vg-damgan.fr\/site\/wp-content\/uploads\/2015\/05\/17549008041_ff9d3183c1_k.jpg?resize=700%2C400 2x, https:\/\/i0.wp.com\/vg-damgan.fr\/site\/wp-content\/uploads\/2015\/05\/17549008041_ff9d3183c1_k.jpg?resize=1050%2C600 3x, https:\/\/i0.wp.com\/vg-damgan.fr\/site\/wp-content\/uploads\/2015\/05\/17549008041_ff9d3183c1_k.jpg?resize=1400%2C800 4x"},"classes":[]},{"id":35,"url":"https:\/\/vg-damgan.fr\/site\/photos\/","url_meta":{"origin":37,"position":5},"title":"Presse","author":"jerome","date":"30 mai 2015","format":false,"excerpt":"- Notre pr\u00e9sence dans les journaux: \u00a0 \u00a0- Notre book de pr\u00e9sentation: \u00a0- Notre book\u00a0scolaire: Nos images officielles: \u00a0","rel":"","context":"Avec 3 commentaires","block_context":{"text":"Avec 3 commentaires","link":"https:\/\/vg-damgan.fr\/site\/photos\/#comments"},"img":{"alt_text":"gabarit-image-article-de-presse-revue-de-presse","src":"https:\/\/i0.wp.com\/vg-damgan.fr\/site\/wp-content\/uploads\/2015\/05\/gabarit-image-article-de-presse-revue-de-presse-1-300x156.jpg?resize=350%2C200","width":350,"height":200},"classes":[]}],"_links":{"self":[{"href":"https:\/\/vg-damgan.fr\/site\/wp-json\/wp\/v2\/pages\/37","targetHints":{"allow":["GET"]}}],"collection":[{"href":"https:\/\/vg-damgan.fr\/site\/wp-json\/wp\/v2\/pages"}],"about":[{"href":"https:\/\/vg-damgan.fr\/site\/wp-json\/wp\/v2\/types\/page"}],"author":[{"embeddable":true,"href":"https:\/\/vg-damgan.fr\/site\/wp-json\/wp\/v2\/users\/1"}],"replies":[{"embeddable":true,"href":"https:\/\/vg-damgan.fr\/site\/wp-json\/wp\/v2\/comments?post=37"}],"version-history":[{"count":18,"href":"https:\/\/vg-damgan.fr\/site\/wp-json\/wp\/v2\/pages\/37\/revisions"}],"predecessor-version":[{"id":2052,"href":"https:\/\/vg-damgan.fr\/site\/wp-json\/wp\/v2\/pages\/37\/revisions\/2052"}],"wp:attachment":[{"href":"https:\/\/vg-damgan.fr\/site\/wp-json\/wp\/v2\/media?parent=37"}],"curies":[{"name":"wp","href":"https:\/\/api.w.org\/{rel}","templated":true}]}}